{"id":16210,"date":"2022-02-04T10:15:47","date_gmt":"2022-02-04T10:15:47","guid":{"rendered":"https:\/\/osbeaufort.sigi.website\/nuetzliche-links\/"},"modified":"2022-09-29T12:59:56","modified_gmt":"2022-09-29T12:59:56","slug":"nuetzliche-links","status":"publish","type":"page","link":"https:\/\/officesocial-beaufort.lu\/de\/nuetzliche-links\/","title":{"rendered":"N\u00fctzliche Links"},"content":{"rendered":"<p>[et_pb_section fb_built=&#8220;1&#8243; _builder_version=&#8220;4.17.3&#8243; _module_preset=&#8220;default&#8220; global_colors_info=&#8220;{}&#8220; theme_builder_area=&#8220;post_content&#8220;][et_pb_row column_structure=&#8220;1_3,1_3,1_3&#8243; _builder_version=&#8220;4.17.3&#8243; _module_preset=&#8220;default&#8220; global_colors_info=&#8220;{}&#8220; theme_builder_area=&#8220;post_content&#8220;][et_pb_column type=&#8220;1_3&#8243; _builder_version=&#8220;4.17.3&#8243; _module_preset=&#8220;default&#8220; global_colors_info=&#8220;{}&#8220; theme_builder_area=&#8220;post_content&#8220;][\/et_pb_column][et_pb_column type=&#8220;1_3&#8243; _builder_version=&#8220;4.17.3&#8243; _module_preset=&#8220;default&#8220; global_colors_info=&#8220;{}&#8220; theme_builder_area=&#8220;post_content&#8220;][et_pb_text _builder_version=&#8220;4.17.3&#8243; _module_preset=&#8220;default&#8220; background_color=&#8220;#F7F6FC&#8220; custom_padding=&#8220;20px|20px|20px|20px|false|false&#8220; global_colors_info=&#8220;{}&#8220; theme_builder_area=&#8220;post_content&#8220;]<\/p>\n<p style=\"text-align: center;\"><strong>Fonds national de solidarit\u00e9 &#8211;\u00a0<\/strong><\/p>\n<p style=\"text-align: center;\"><a href=\"https:\/\/www.fns.lu\/\">https:\/\/www.fns.lu\/<\/a><\/p>\n<p>[\/et_pb_text][et_pb_text _builder_version=&#8220;4.17.3&#8243; _module_preset=&#8220;default&#8220; background_color=&#8220;#F7F6FC&#8220; custom_padding=&#8220;20px|20px|20px|20px|false|false&#8220; global_colors_info=&#8220;{}&#8220; theme_builder_area=&#8220;post_content&#8220;]<\/p>\n<p style=\"text-align: center;\"><strong>Agence pour le d\u00e9veloppement de l&#8217;emploi &#8211;\u00a0<\/strong><\/p>\n<p style=\"text-align: center;\"><a href=\"https:\/\/adem.public.lu\/fr.html\">https:\/\/adem.public.lu\/fr.html<\/a><\/p>\n<p>[\/et_pb_text][et_pb_text _builder_version=&#8220;4.17.3&#8243; _module_preset=&#8220;default&#8220; background_color=&#8220;#F7F6FC&#8220; custom_padding=&#8220;20px|20px|20px|20px|false|false&#8220; global_colors_info=&#8220;{}&#8220; theme_builder_area=&#8220;post_content&#8220;]<\/p>\n<p style=\"text-align: center;\"><strong>Centre commun de la s\u00e9curit\u00e9 sociale &#8211;\u00a0<\/strong><\/p>\n<p style=\"text-align: center;\"><a href=\"https:\/\/ccss.public.lu\/fr.html\">https:\/\/ccss.public.lu\/fr.html<\/a><\/p>\n<p>[\/et_pb_text][et_pb_text _builder_version=&#8220;4.17.3&#8243; _module_preset=&#8220;default&#8220; background_color=&#8220;#F7F6FC&#8220; custom_padding=&#8220;20px|20px|20px|20px|false|false&#8220; global_colors_info=&#8220;{}&#8220; theme_builder_area=&#8220;post_content&#8220;]<\/p>\n<p style=\"text-align: center;\"><strong>Caisse nationale de pension &#8211;\u00a0<\/strong><\/p>\n<p style=\"text-align: center;\"><a href=\"https:\/\/www.cnap.lu\/\">https:\/\/www.cnap.lu\/<\/a><\/p>\n<p>[\/et_pb_text][et_pb_text _builder_version=&#8220;4.17.3&#8243; _module_preset=&#8220;default&#8220; background_color=&#8220;#F7F6FC&#8220; custom_padding=&#8220;20px|20px|20px|20px|false|false&#8220; global_colors_info=&#8220;{}&#8220; theme_builder_area=&#8220;post_content&#8220;]<\/p>\n<p style=\"text-align: center;\"><strong>Subvention de loyer &#8211;\u00a0<\/strong><\/p>\n<p style=\"text-align: center;\"><a href=\"https:\/\/logement.public.lu\/fr\/locataire\/obtenir-aide-location\/subventionloyer.html\">https:\/\/logement.public.lu\/fr\/locataire\/obtenir-aide-location\/subventionloyer.html<\/a><\/p>\n<p>[\/et_pb_text][et_pb_text _builder_version=&#8220;4.17.3&#8243; _module_preset=&#8220;default&#8220; background_color=&#8220;#F7F6FC&#8220; custom_padding=&#8220;20px|20px|20px|20px|false|false&#8220; global_colors_info=&#8220;{}&#8220; theme_builder_area=&#8220;post_content&#8220;]<\/p>\n<p style=\"text-align: center;\"><strong>Fonds du logement &#8211;\u00a0<\/strong><\/p>\n<p style=\"text-align: center;\"><a href=\"https:\/\/fondsdulogement.lu\/fr\">https:\/\/fondsdulogement.lu\/fr<\/a><\/p>\n<p>[\/et_pb_text][et_pb_text _builder_version=&#8220;4.17.3&#8243; _module_preset=&#8220;default&#8220; background_color=&#8220;#F7F6FC&#8220; custom_padding=&#8220;20px|20px|20px|20px|false|false&#8220; global_colors_info=&#8220;{}&#8220; theme_builder_area=&#8220;post_content&#8220;]<\/p>\n<p style=\"text-align: center;\"><strong>Soci\u00e9t\u00e9 nationale des Habitation \u00e0 Bon March\u00e9 &#8211;<\/strong> <a href=\"https:\/\/snhbm.lu\/\">https:\/\/snhbm.lu\/<\/a><\/p>\n<p>[\/et_pb_text][et_pb_text _builder_version=&#8220;4.17.3&#8243; _module_preset=&#8220;default&#8220; background_color=&#8220;#F7F6FC&#8220; custom_padding=&#8220;20px|20px|20px|20px|false|false&#8220; global_colors_info=&#8220;{}&#8220; theme_builder_area=&#8220;post_content&#8220;]<\/p>\n<p style=\"text-align: center;\"><strong>Agence immobili\u00e8re sociale &#8211;\u00a0<\/strong><\/p>\n<p style=\"text-align: center;\"><a href=\"https:\/\/fondation-logement.lu\/agence-imoobiliere-sociale\/\">https:\/\/fondation-logement.lu\/agence-imoobiliere-sociale\/<\/a><\/p>\n<p>[\/et_pb_text][et_pb_text _builder_version=&#8220;4.17.3&#8243; _module_preset=&#8220;default&#8220; background_color=&#8220;#F7F6FC&#8220; custom_padding=&#8220;20px|20px|20px|20px|false|false&#8220; global_colors_info=&#8220;{}&#8220; theme_builder_area=&#8220;post_content&#8220;]<\/p>\n<p style=\"text-align: center;\"><strong>Office national d&#8217;inclusion sociale &#8211;\u00a0<\/strong><\/p>\n<p style=\"text-align: center;\"><a href=\"https:\/\/onis.gouvernement.lu\/fr.html\">https:\/\/onis.gouvernement.lu\/fr.html<\/a><\/p>\n<p style=\"text-align: center;\"><strong><\/strong><\/p>\n<p>[\/et_pb_text][et_pb_text _builder_version=&#8220;4.17.3&#8243; _module_preset=&#8220;default&#8220; background_color=&#8220;#F7F6FC&#8220; custom_padding=&#8220;20px|20px|20px|20px|false|false&#8220; global_colors_info=&#8220;{}&#8220; theme_builder_area=&#8220;post_content&#8220;]<\/p>\n<p style=\"text-align: center;\"><strong>Caisse pour l&#8217;avenir des enfants &#8211;\u00a0<\/strong><\/p>\n<p style=\"text-align: center;\"><a href=\"https:\/\/cae.public.lu\/fr\/allocations.html\">https:\/\/cae.public.lu\/fr\/allocations.html<\/a><\/p>\n<p>[\/et_pb_text][et_pb_text _builder_version=&#8220;4.17.3&#8243; _module_preset=&#8220;default&#8220; background_color=&#8220;#F7F6FC&#8220; custom_padding=&#8220;20px|20px|20px|20px|false|false&#8220; global_colors_info=&#8220;{}&#8220; theme_builder_area=&#8220;post_content&#8220;]<\/p>\n<p style=\"text-align: center;\"><strong>Caisse Nationale de Sant\u00e9 &#8211;\u00a0<\/strong><\/p>\n<p style=\"text-align: center;\"><a href=\"https:\/\/cns.public.lu\/fr.html\">https:\/\/cns.public.lu\/fr.html<\/a><\/p>\n<p>[\/et_pb_text][et_pb_text _builder_version=&#8220;4.17.3&#8243; _module_preset=&#8220;default&#8220; background_color=&#8220;#F7F6FC&#8220; custom_padding=&#8220;20px|20px|20px|20px|false|false&#8220; global_colors_info=&#8220;{}&#8220; theme_builder_area=&#8220;post_content&#8220;]<\/p>\n<p style=\"text-align: center;\"><strong>Bummelbus &#8211;\u00a0<\/strong><\/p>\n<p style=\"text-align: center;\"><a href=\"https:\/\/www.fpe.lu\/services\/bummelbus\/\">https:\/\/www.fpe.lu\/services\/bummelbus\/<\/a><\/p>\n<p>[\/et_pb_text][\/et_pb_column][et_pb_column type=&#8220;1_3&#8243; _builder_version=&#8220;4.17.3&#8243; _module_preset=&#8220;default&#8220; global_colors_info=&#8220;{}&#8220; theme_builder_area=&#8220;post_content&#8220;][\/et_pb_column][\/et_pb_row][\/et_pb_section]<\/p>\n","protected":false},"excerpt":{"rendered":"<p>Fonds national de solidarit\u00e9 &#8211;\u00a0 https:\/\/www.fns.lu\/Agence pour le d\u00e9veloppement de l&#8217;emploi &#8211;\u00a0 https:\/\/adem.public.lu\/fr.htmlCentre commun de la s\u00e9curit\u00e9 sociale &#8211;\u00a0 https:\/\/ccss.public.lu\/fr.htmlCaisse nationale de pension &#8211;\u00a0 https:\/\/www.cnap.lu\/Subvention de loyer &#8211;\u00a0 https:\/\/logement.public.lu\/fr\/locataire\/obtenir-aide-location\/subventionloyer.htmlFonds du logement &#8211;\u00a0 https:\/\/fondsdulogement.lu\/frSoci\u00e9t\u00e9 nationale des Habitation \u00e0 Bon March\u00e9 &#8211; https:\/\/snhbm.lu\/Agence immobili\u00e8re sociale &#8211;\u00a0 https:\/\/fondation-logement.lu\/agence-imoobiliere-sociale\/Office national d&#8217;inclusion sociale &#8211;\u00a0 https:\/\/onis.gouvernement.lu\/fr.html Caisse pour l&#8217;avenir des enfants [&hellip;]<\/p>\n","protected":false},"author":1,"featured_media":0,"parent":0,"menu_order":0,"comment_status":"closed","ping_status":"closed","template":"","meta":{"_et_pb_use_builder":"on","_et_pb_old_content":"","_et_gb_content_width":"","_lmt_disableupdate":"","_lmt_disable":"","footnotes":""},"class_list":["post-16210","page","type-page","status-publish","hentry"],"yoast_head":"<!-- This site is optimized with the Yoast SEO plugin v27.5 - https:\/\/yoast.com\/product\/yoast-seo-wordpress\/ -->\n<title>N\u00fctzliche Links - OS Beaufort<\/title>\n<meta name=\"robots\" content=\"index, follow, max-snippet:-1, max-image-preview:large, max-video-preview:-1\" \/>\n<link rel=\"canonical\" href=\"https:\/\/officesocial-beaufort.lu\/de\/nuetzliche-links\/\" \/>\n<meta property=\"og:locale\" content=\"de_DE\" \/>\n<meta property=\"og:type\" content=\"article\" \/>\n<meta property=\"og:title\" content=\"N\u00fctzliche Links - OS Beaufort\" \/>\n<meta property=\"og:description\" content=\"Fonds national de solidarit\u00e9 -\u00a0 https:\/\/www.fns.lu\/Agence pour le d\u00e9veloppement de l&#039;emploi -\u00a0 https:\/\/adem.public.lu\/fr.htmlCentre commun de la s\u00e9curit\u00e9 sociale -\u00a0 https:\/\/ccss.public.lu\/fr.htmlCaisse nationale de pension -\u00a0 https:\/\/www.cnap.lu\/Subvention de loyer -\u00a0 https:\/\/logement.public.lu\/fr\/locataire\/obtenir-aide-location\/subventionloyer.htmlFonds du logement -\u00a0 https:\/\/fondsdulogement.lu\/frSoci\u00e9t\u00e9 nationale des Habitation \u00e0 Bon March\u00e9 - https:\/\/snhbm.lu\/Agence immobili\u00e8re sociale -\u00a0 https:\/\/fondation-logement.lu\/agence-imoobiliere-sociale\/Office national d&#039;inclusion sociale -\u00a0 https:\/\/onis.gouvernement.lu\/fr.html Caisse pour l&#039;avenir des enfants [&hellip;]\" \/>\n<meta property=\"og:url\" content=\"https:\/\/officesocial-beaufort.lu\/de\/nuetzliche-links\/\" \/>\n<meta property=\"og:site_name\" content=\"OS Beaufort\" \/>\n<meta property=\"article:modified_time\" content=\"2022-09-29T12:59:56+00:00\" \/>\n<meta name=\"twitter:card\" content=\"summary_large_image\" \/>\n<meta name=\"twitter:label1\" content=\"Gesch\u00e4tzte Lesezeit\" \/>\n\t<meta name=\"twitter:data1\" content=\"3\u00a0Minuten\" \/>\n<script type=\"application\/ld+json\" class=\"yoast-schema-graph\">{\"@context\":\"https:\\\/\\\/schema.org\",\"@graph\":[{\"@type\":\"WebPage\",\"@id\":\"https:\\\/\\\/officesocial-beaufort.lu\\\/de\\\/nuetzliche-links\\\/\",\"url\":\"https:\\\/\\\/officesocial-beaufort.lu\\\/de\\\/nuetzliche-links\\\/\",\"name\":\"N\u00fctzliche Links - OS Beaufort\",\"isPartOf\":{\"@id\":\"https:\\\/\\\/officesocial-beaufort.lu\\\/de\\\/#website\"},\"datePublished\":\"2022-02-04T10:15:47+00:00\",\"dateModified\":\"2022-09-29T12:59:56+00:00\",\"breadcrumb\":{\"@id\":\"https:\\\/\\\/officesocial-beaufort.lu\\\/de\\\/nuetzliche-links\\\/#breadcrumb\"},\"inLanguage\":\"de\",\"potentialAction\":[{\"@type\":\"ReadAction\",\"target\":[\"https:\\\/\\\/officesocial-beaufort.lu\\\/de\\\/nuetzliche-links\\\/\"]}]},{\"@type\":\"BreadcrumbList\",\"@id\":\"https:\\\/\\\/officesocial-beaufort.lu\\\/de\\\/nuetzliche-links\\\/#breadcrumb\",\"itemListElement\":[{\"@type\":\"ListItem\",\"position\":1,\"name\":\"Accueil\",\"item\":\"https:\\\/\\\/officesocial-beaufort.lu\\\/de\\\/\"},{\"@type\":\"ListItem\",\"position\":2,\"name\":\"N\u00fctzliche Links\"}]},{\"@type\":\"WebSite\",\"@id\":\"https:\\\/\\\/officesocial-beaufort.lu\\\/de\\\/#website\",\"url\":\"https:\\\/\\\/officesocial-beaufort.lu\\\/de\\\/\",\"name\":\"OS Beaufort\",\"description\":\"Office Social R\u00e9gional des Communes de Beaufort, Bech, Berdorf, Consdorf, Reisdorf\",\"potentialAction\":[{\"@type\":\"SearchAction\",\"target\":{\"@type\":\"EntryPoint\",\"urlTemplate\":\"https:\\\/\\\/officesocial-beaufort.lu\\\/de\\\/?s={search_term_string}\"},\"query-input\":{\"@type\":\"PropertyValueSpecification\",\"valueRequired\":true,\"valueName\":\"search_term_string\"}}],\"inLanguage\":\"de\"}]}<\/script>\n<!-- \/ Yoast SEO plugin. -->","yoast_head_json":{"title":"N\u00fctzliche Links - OS Beaufort","robots":{"index":"index","follow":"follow","max-snippet":"max-snippet:-1","max-image-preview":"max-image-preview:large","max-video-preview":"max-video-preview:-1"},"canonical":"https:\/\/officesocial-beaufort.lu\/de\/nuetzliche-links\/","og_locale":"de_DE","og_type":"article","og_title":"N\u00fctzliche Links - OS Beaufort","og_description":"Fonds national de solidarit\u00e9 -\u00a0 https:\/\/www.fns.lu\/Agence pour le d\u00e9veloppement de l'emploi -\u00a0 https:\/\/adem.public.lu\/fr.htmlCentre commun de la s\u00e9curit\u00e9 sociale -\u00a0 https:\/\/ccss.public.lu\/fr.htmlCaisse nationale de pension -\u00a0 https:\/\/www.cnap.lu\/Subvention de loyer -\u00a0 https:\/\/logement.public.lu\/fr\/locataire\/obtenir-aide-location\/subventionloyer.htmlFonds du logement -\u00a0 https:\/\/fondsdulogement.lu\/frSoci\u00e9t\u00e9 nationale des Habitation \u00e0 Bon March\u00e9 - https:\/\/snhbm.lu\/Agence immobili\u00e8re sociale -\u00a0 https:\/\/fondation-logement.lu\/agence-imoobiliere-sociale\/Office national d'inclusion sociale -\u00a0 https:\/\/onis.gouvernement.lu\/fr.html Caisse pour l'avenir des enfants [&hellip;]","og_url":"https:\/\/officesocial-beaufort.lu\/de\/nuetzliche-links\/","og_site_name":"OS Beaufort","article_modified_time":"2022-09-29T12:59:56+00:00","twitter_card":"summary_large_image","twitter_misc":{"Gesch\u00e4tzte Lesezeit":"3\u00a0Minuten"},"schema":{"@context":"https:\/\/schema.org","@graph":[{"@type":"WebPage","@id":"https:\/\/officesocial-beaufort.lu\/de\/nuetzliche-links\/","url":"https:\/\/officesocial-beaufort.lu\/de\/nuetzliche-links\/","name":"N\u00fctzliche Links - OS Beaufort","isPartOf":{"@id":"https:\/\/officesocial-beaufort.lu\/de\/#website"},"datePublished":"2022-02-04T10:15:47+00:00","dateModified":"2022-09-29T12:59:56+00:00","breadcrumb":{"@id":"https:\/\/officesocial-beaufort.lu\/de\/nuetzliche-links\/#breadcrumb"},"inLanguage":"de","potentialAction":[{"@type":"ReadAction","target":["https:\/\/officesocial-beaufort.lu\/de\/nuetzliche-links\/"]}]},{"@type":"BreadcrumbList","@id":"https:\/\/officesocial-beaufort.lu\/de\/nuetzliche-links\/#breadcrumb","itemListElement":[{"@type":"ListItem","position":1,"name":"Accueil","item":"https:\/\/officesocial-beaufort.lu\/de\/"},{"@type":"ListItem","position":2,"name":"N\u00fctzliche Links"}]},{"@type":"WebSite","@id":"https:\/\/officesocial-beaufort.lu\/de\/#website","url":"https:\/\/officesocial-beaufort.lu\/de\/","name":"OS Beaufort","description":"Office Social R\u00e9gional des Communes de Beaufort, Bech, Berdorf, Consdorf, Reisdorf","potentialAction":[{"@type":"SearchAction","target":{"@type":"EntryPoint","urlTemplate":"https:\/\/officesocial-beaufort.lu\/de\/?s={search_term_string}"},"query-input":{"@type":"PropertyValueSpecification","valueRequired":true,"valueName":"search_term_string"}}],"inLanguage":"de"}]}},"publishpress_future_action":{"enabled":false,"date":"2026-05-08 10:55:03","action":"change-status","newStatus":"draft","terms":[],"taxonomy":"translation_priority","extraData":[]},"publishpress_future_workflow_manual_trigger":{"enabledWorkflows":[]},"_links":{"self":[{"href":"https:\/\/officesocial-beaufort.lu\/de\/wp-json\/wp\/v2\/pages\/16210","targetHints":{"allow":["GET"]}}],"collection":[{"href":"https:\/\/officesocial-beaufort.lu\/de\/wp-json\/wp\/v2\/pages"}],"about":[{"href":"https:\/\/officesocial-beaufort.lu\/de\/wp-json\/wp\/v2\/types\/page"}],"author":[{"embeddable":true,"href":"https:\/\/officesocial-beaufort.lu\/de\/wp-json\/wp\/v2\/users\/1"}],"replies":[{"embeddable":true,"href":"https:\/\/officesocial-beaufort.lu\/de\/wp-json\/wp\/v2\/comments?post=16210"}],"version-history":[{"count":2,"href":"https:\/\/officesocial-beaufort.lu\/de\/wp-json\/wp\/v2\/pages\/16210\/revisions"}],"predecessor-version":[{"id":16212,"href":"https:\/\/officesocial-beaufort.lu\/de\/wp-json\/wp\/v2\/pages\/16210\/revisions\/16212"}],"wp:attachment":[{"href":"https:\/\/officesocial-beaufort.lu\/de\/wp-json\/wp\/v2\/media?parent=16210"}],"curies":[{"name":"wp","href":"https:\/\/api.w.org\/{rel}","templated":true}]}}