{"id":16397,"date":"2022-02-04T10:15:47","date_gmt":"2022-02-04T10:15:47","guid":{"rendered":"https:\/\/osbeaufort.sigi.website\/uselful-links\/"},"modified":"2022-10-03T14:04:39","modified_gmt":"2022-10-03T14:04:39","slug":"uselful-links","status":"publish","type":"page","link":"https:\/\/officesocial-beaufort.lu\/en\/uselful-links\/","title":{"rendered":"Uselful links"},"content":{"rendered":"<p>[et_pb_section fb_built=&#8221;1&#8243; _builder_version=&#8221;4.17.3&#8243; _module_preset=&#8221;default&#8221; global_colors_info=&#8221;{}&#8221; theme_builder_area=&#8221;post_content&#8221;][et_pb_row column_structure=&#8221;1_3,1_3,1_3&#8243; _builder_version=&#8221;4.17.3&#8243; _module_preset=&#8221;default&#8221; global_colors_info=&#8221;{}&#8221; theme_builder_area=&#8221;post_content&#8221;][et_pb_column type=&#8221;1_3&#8243; _builder_version=&#8221;4.17.3&#8243; _module_preset=&#8221;default&#8221; global_colors_info=&#8221;{}&#8221; theme_builder_area=&#8221;post_content&#8221;][\/et_pb_column][et_pb_column type=&#8221;1_3&#8243; _builder_version=&#8221;4.17.3&#8243; _module_preset=&#8221;default&#8221; global_colors_info=&#8221;{}&#8221; theme_builder_area=&#8221;post_content&#8221;][et_pb_text _builder_version=&#8221;4.17.3&#8243; _module_preset=&#8221;default&#8221; background_color=&#8221;#F7F6FC&#8221; custom_padding=&#8221;20px|20px|20px|20px|false|false&#8221; global_colors_info=&#8221;{}&#8221; theme_builder_area=&#8221;post_content&#8221;]<\/p>\n<p style=\"text-align: center;\"><strong>National Solidarity Fund (FNS) &#8211;\u00a0<\/strong><\/p>\n<p style=\"text-align: center;\"><a href=\"https:\/\/www.fns.lu\/\">https:\/\/www.fns.lu\/<\/a><\/p>\n<p>[\/et_pb_text][et_pb_text _builder_version=&#8221;4.17.3&#8243; _module_preset=&#8221;default&#8221; background_color=&#8221;#F7F6FC&#8221; custom_padding=&#8221;20px|20px|20px|20px|false|false&#8221; global_colors_info=&#8221;{}&#8221; theme_builder_area=&#8221;post_content&#8221;]<\/p>\n<p style=\"text-align: center;\"><strong>National Employment Agency (ADEM) &#8211;\u00a0<\/strong><\/p>\n<p style=\"text-align: center;\"><a href=\"https:\/\/adem.public.lu\/en.html\">https:\/\/adem.public.lu\/en.html<\/a><\/p>\n<p>[\/et_pb_text][et_pb_text _builder_version=&#8221;4.17.3&#8243; _module_preset=&#8221;default&#8221; background_color=&#8221;#F7F6FC&#8221; custom_padding=&#8221;20px|20px|20px|20px|false|false&#8221; global_colors_info=&#8221;{}&#8221; theme_builder_area=&#8221;post_content&#8221;]<\/p>\n<p style=\"text-align: center;\"><strong>Joint Social Security Centre (CCSS) &#8211;\u00a0<\/strong><\/p>\n<p style=\"text-align: center;\"><a href=\"https:\/\/ccss.public.lu\/fr.html\">https:\/\/ccss.public.lu\/fr.html<\/a><\/p>\n<p>[\/et_pb_text][et_pb_text _builder_version=&#8221;4.17.3&#8243; _module_preset=&#8221;default&#8221; background_color=&#8221;#F7F6FC&#8221; custom_padding=&#8221;20px|20px|20px|20px|false|false&#8221; global_colors_info=&#8221;{}&#8221; theme_builder_area=&#8221;post_content&#8221;]<\/p>\n<p style=\"text-align: center;\"><strong>National Pension Insurance Fund (CNAP) &#8211;\u00a0<\/strong><\/p>\n<p style=\"text-align: center;\"><a href=\"https:\/\/www.cnap.lu\/\">https:\/\/www.cnap.lu\/<\/a><\/p>\n<p>[\/et_pb_text][et_pb_text _builder_version=&#8221;4.17.3&#8243; _module_preset=&#8221;default&#8221; background_color=&#8221;#F7F6FC&#8221; custom_padding=&#8221;20px|20px|20px|20px|false|false&#8221; global_colors_info=&#8221;{}&#8221; theme_builder_area=&#8221;post_content&#8221;]<\/p>\n<p style=\"text-align: center;\"><strong>Rent subsidy (Subvention de loyer) &#8211;\u00a0<\/strong><\/p>\n<p style=\"text-align: center;\"><a href=\"https:\/\/logement.public.lu\/fr\/locataire\/obtenir-aide-location\/subventionloyer.html\">https:\/\/logement.public.lu\/fr\/locataire\/obtenir-aide-location\/subventionloyer.html<\/a><\/p>\n<p>[\/et_pb_text][et_pb_text _builder_version=&#8221;4.17.3&#8243; _module_preset=&#8221;default&#8221; background_color=&#8221;#F7F6FC&#8221; custom_padding=&#8221;20px|20px|20px|20px|false|false&#8221; global_colors_info=&#8221;{}&#8221; theme_builder_area=&#8221;post_content&#8221;]<\/p>\n<p style=\"text-align: center;\"><strong>Housing Fund (Fonds du Logement) &#8211;\u00a0<\/strong><\/p>\n<p style=\"text-align: center;\"><a href=\"https:\/\/fondsdulogement.lu\/fr\">https:\/\/fondsdulogement.lu\/fr<\/a><\/p>\n<p>[\/et_pb_text][et_pb_text _builder_version=&#8221;4.17.3&#8243; _module_preset=&#8221;default&#8221; background_color=&#8221;#F7F6FC&#8221; custom_padding=&#8221;20px|20px|20px|20px|false|false&#8221; global_colors_info=&#8221;{}&#8221; theme_builder_area=&#8221;post_content&#8221;]<\/p>\n<p style=\"text-align: center;\"><strong>Low-cost Housing Corporation (Soci\u00e9t\u00e9 nationale des Habitations \u00e0 Bon March\u00e9) &#8211;\u00a0<\/strong><\/p>\n<p style=\"text-align: center;\"><a href=\"https:\/\/snhbm.lu\/\">https:\/\/snhbm.lu\/<\/a><\/p>\n<p>[\/et_pb_text][et_pb_text _builder_version=&#8221;4.17.3&#8243; _module_preset=&#8221;default&#8221; background_color=&#8221;#F7F6FC&#8221; custom_padding=&#8221;20px|20px|20px|20px|false|false&#8221; hover_enabled=&#8221;0&#8243; global_colors_info=&#8221;{}&#8221; theme_builder_area=&#8221;post_content&#8221; sticky_enabled=&#8221;0&#8243;]<\/p>\n<p style=\"text-align: center;\"><strong>Social Housing Agency (Agence immobili\u00e8re sociale) &#8211;\u00a0<\/strong><\/p>\n<p style=\"text-align: center;\"><a href=\"https:\/\/fondation-logement.lu\/agence-immobiliere-sociale\/\">https:\/\/fondation-logement.lu\/agence-immobiliere-sociale\/<\/a><\/p>\n<p>[\/et_pb_text][et_pb_text _builder_version=&#8221;4.17.3&#8243; _module_preset=&#8221;default&#8221; background_color=&#8221;#F7F6FC&#8221; custom_padding=&#8221;20px|20px|20px|20px|false|false&#8221; global_colors_info=&#8221;{}&#8221; theme_builder_area=&#8221;post_content&#8221;]<\/p>\n<p style=\"text-align: center;\"><strong>National Office for Social Inclusion (ONIS) &#8211;\u00a0<\/strong><\/p>\n<p style=\"text-align: center;\"><a href=\"https:\/\/onis.gouvernement.lu\/en.html\">https:\/\/onis.gouvernement.lu\/en.html<\/a><\/p>\n<p style=\"text-align: center;\"><strong><\/strong><\/p>\n<p>[\/et_pb_text][et_pb_text _builder_version=&#8221;4.17.3&#8243; _module_preset=&#8221;default&#8221; background_color=&#8221;#F7F6FC&#8221; custom_padding=&#8221;20px|20px|20px|20px|false|false&#8221; global_colors_info=&#8221;{}&#8221; theme_builder_area=&#8221;post_content&#8221;]<\/p>\n<p style=\"text-align: center;\"><span><strong>Children&#8217;s Future Fund (Caisse pour l\u2019avenir des enfants) &#8211;\u00a0<\/strong><\/span><\/p>\n<p style=\"text-align: center;\"><a href=\"https:\/\/cae.public.lu\/en\/allocations.html\">https:\/\/cae.public.lu\/en\/allocations.html<\/a><\/p>\n<p>[\/et_pb_text][et_pb_text _builder_version=&#8221;4.17.3&#8243; _module_preset=&#8221;default&#8221; background_color=&#8221;#F7F6FC&#8221; custom_padding=&#8221;20px|20px|20px|20px|false|false&#8221; global_colors_info=&#8221;{}&#8221; theme_builder_area=&#8221;post_content&#8221;]<\/p>\n<p style=\"text-align: center;\"><strong>Caisse Nationale de Sant\u00e9 &#8211;\u00a0<\/strong><\/p>\n<p style=\"text-align: center;\"><a href=\"https:\/\/cns.public.lu\/fr.html\">https:\/\/cns.public.lu\/fr.html<\/a><\/p>\n<p>[\/et_pb_text][et_pb_text _builder_version=&#8221;4.17.3&#8243; _module_preset=&#8221;default&#8221; background_color=&#8221;#F7F6FC&#8221; custom_padding=&#8221;20px|20px|20px|20px|false|false&#8221; global_colors_info=&#8221;{}&#8221; theme_builder_area=&#8221;post_content&#8221;]<\/p>\n<p style=\"text-align: center;\"><strong>Bummelbus &#8211;\u00a0<\/strong><\/p>\n<p style=\"text-align: center;\"><a href=\"https:\/\/www.fpe.lu\/services\/bummelbus\/\">https:\/\/www.fpe.lu\/services\/bummelbus\/<\/a><\/p>\n<p>[\/et_pb_text][\/et_pb_column][et_pb_column type=&#8221;1_3&#8243; _builder_version=&#8221;4.17.3&#8243; _module_preset=&#8221;default&#8221; global_colors_info=&#8221;{}&#8221; theme_builder_area=&#8221;post_content&#8221;][\/et_pb_column][\/et_pb_row][\/et_pb_section]<\/p>\n","protected":false},"excerpt":{"rendered":"<p>National Solidarity Fund (FNS) &#8211;\u00a0 https:\/\/www.fns.lu\/National Employment Agency (ADEM) &#8211;\u00a0 https:\/\/adem.public.lu\/en.htmlJoint Social Security Centre (CCSS) &#8211;\u00a0 https:\/\/ccss.public.lu\/fr.htmlNational Pension Insurance Fund (CNAP) &#8211;\u00a0 https:\/\/www.cnap.lu\/Rent subsidy (Subvention de loyer) &#8211;\u00a0 https:\/\/logement.public.lu\/fr\/locataire\/obtenir-aide-location\/subventionloyer.htmlHousing Fund (Fonds du Logement) &#8211;\u00a0 https:\/\/fondsdulogement.lu\/frLow-cost Housing Corporation (Soci\u00e9t\u00e9 nationale des Habitations \u00e0 Bon March\u00e9) &#8211;\u00a0 https:\/\/snhbm.lu\/Social Housing Agency (Agence immobili\u00e8re sociale) &#8211;\u00a0 https:\/\/fondation-logement.lu\/agence-immobiliere-sociale\/National Office for [&hellip;]<\/p>\n","protected":false},"author":1,"featured_media":0,"parent":0,"menu_order":0,"comment_status":"closed","ping_status":"closed","template":"","meta":{"_et_pb_use_builder":"on","_et_pb_old_content":"","_et_gb_content_width":"","_lmt_disableupdate":"","_lmt_disable":"","footnotes":""},"class_list":["post-16397","page","type-page","status-publish","hentry"],"yoast_head":"<!-- This site is optimized with the Yoast SEO plugin v27.5 - https:\/\/yoast.com\/product\/yoast-seo-wordpress\/ -->\n<title>Uselful links - OS Beaufort<\/title>\n<meta name=\"robots\" content=\"index, follow, max-snippet:-1, max-image-preview:large, max-video-preview:-1\" \/>\n<link rel=\"canonical\" href=\"https:\/\/officesocial-beaufort.lu\/en\/uselful-links\/\" \/>\n<meta property=\"og:locale\" content=\"en_US\" \/>\n<meta property=\"og:type\" content=\"article\" \/>\n<meta property=\"og:title\" content=\"Uselful links - OS Beaufort\" \/>\n<meta property=\"og:description\" content=\"National Solidarity Fund (FNS) -\u00a0 https:\/\/www.fns.lu\/National Employment Agency (ADEM) -\u00a0 https:\/\/adem.public.lu\/en.htmlJoint Social Security Centre (CCSS) -\u00a0 https:\/\/ccss.public.lu\/fr.htmlNational Pension Insurance Fund (CNAP) -\u00a0 https:\/\/www.cnap.lu\/Rent subsidy (Subvention de loyer) -\u00a0 https:\/\/logement.public.lu\/fr\/locataire\/obtenir-aide-location\/subventionloyer.htmlHousing Fund (Fonds du Logement) -\u00a0 https:\/\/fondsdulogement.lu\/frLow-cost Housing Corporation (Soci\u00e9t\u00e9 nationale des Habitations \u00e0 Bon March\u00e9) -\u00a0 https:\/\/snhbm.lu\/Social Housing Agency (Agence immobili\u00e8re sociale) -\u00a0 https:\/\/fondation-logement.lu\/agence-immobiliere-sociale\/National Office for [&hellip;]\" \/>\n<meta property=\"og:url\" content=\"https:\/\/officesocial-beaufort.lu\/en\/uselful-links\/\" \/>\n<meta property=\"og:site_name\" content=\"OS Beaufort\" \/>\n<meta property=\"article:modified_time\" content=\"2022-10-03T14:04:39+00:00\" \/>\n<meta name=\"twitter:card\" content=\"summary_large_image\" \/>\n<meta name=\"twitter:label1\" content=\"Est. reading time\" \/>\n\t<meta name=\"twitter:data1\" content=\"3 minutes\" \/>\n<script type=\"application\/ld+json\" class=\"yoast-schema-graph\">{\"@context\":\"https:\\\/\\\/schema.org\",\"@graph\":[{\"@type\":\"WebPage\",\"@id\":\"https:\\\/\\\/officesocial-beaufort.lu\\\/en\\\/uselful-links\\\/\",\"url\":\"https:\\\/\\\/officesocial-beaufort.lu\\\/en\\\/uselful-links\\\/\",\"name\":\"Uselful links - OS Beaufort\",\"isPartOf\":{\"@id\":\"https:\\\/\\\/officesocial-beaufort.lu\\\/en\\\/#website\"},\"datePublished\":\"2022-02-04T10:15:47+00:00\",\"dateModified\":\"2022-10-03T14:04:39+00:00\",\"breadcrumb\":{\"@id\":\"https:\\\/\\\/officesocial-beaufort.lu\\\/en\\\/uselful-links\\\/#breadcrumb\"},\"inLanguage\":\"en-US\",\"potentialAction\":[{\"@type\":\"ReadAction\",\"target\":[\"https:\\\/\\\/officesocial-beaufort.lu\\\/en\\\/uselful-links\\\/\"]}]},{\"@type\":\"BreadcrumbList\",\"@id\":\"https:\\\/\\\/officesocial-beaufort.lu\\\/en\\\/uselful-links\\\/#breadcrumb\",\"itemListElement\":[{\"@type\":\"ListItem\",\"position\":1,\"name\":\"Accueil\",\"item\":\"https:\\\/\\\/officesocial-beaufort.lu\\\/en\\\/\"},{\"@type\":\"ListItem\",\"position\":2,\"name\":\"Uselful links\"}]},{\"@type\":\"WebSite\",\"@id\":\"https:\\\/\\\/officesocial-beaufort.lu\\\/en\\\/#website\",\"url\":\"https:\\\/\\\/officesocial-beaufort.lu\\\/en\\\/\",\"name\":\"OS Beaufort\",\"description\":\"Office Social R\u00e9gional des Communes de Beaufort, Bech, Berdorf, Consdorf, Reisdorf\",\"potentialAction\":[{\"@type\":\"SearchAction\",\"target\":{\"@type\":\"EntryPoint\",\"urlTemplate\":\"https:\\\/\\\/officesocial-beaufort.lu\\\/en\\\/?s={search_term_string}\"},\"query-input\":{\"@type\":\"PropertyValueSpecification\",\"valueRequired\":true,\"valueName\":\"search_term_string\"}}],\"inLanguage\":\"en-US\"}]}<\/script>\n<!-- \/ Yoast SEO plugin. -->","yoast_head_json":{"title":"Uselful links - OS Beaufort","robots":{"index":"index","follow":"follow","max-snippet":"max-snippet:-1","max-image-preview":"max-image-preview:large","max-video-preview":"max-video-preview:-1"},"canonical":"https:\/\/officesocial-beaufort.lu\/en\/uselful-links\/","og_locale":"en_US","og_type":"article","og_title":"Uselful links - OS Beaufort","og_description":"National Solidarity Fund (FNS) -\u00a0 https:\/\/www.fns.lu\/National Employment Agency (ADEM) -\u00a0 https:\/\/adem.public.lu\/en.htmlJoint Social Security Centre (CCSS) -\u00a0 https:\/\/ccss.public.lu\/fr.htmlNational Pension Insurance Fund (CNAP) -\u00a0 https:\/\/www.cnap.lu\/Rent subsidy (Subvention de loyer) -\u00a0 https:\/\/logement.public.lu\/fr\/locataire\/obtenir-aide-location\/subventionloyer.htmlHousing Fund (Fonds du Logement) -\u00a0 https:\/\/fondsdulogement.lu\/frLow-cost Housing Corporation (Soci\u00e9t\u00e9 nationale des Habitations \u00e0 Bon March\u00e9) -\u00a0 https:\/\/snhbm.lu\/Social Housing Agency (Agence immobili\u00e8re sociale) -\u00a0 https:\/\/fondation-logement.lu\/agence-immobiliere-sociale\/National Office for [&hellip;]","og_url":"https:\/\/officesocial-beaufort.lu\/en\/uselful-links\/","og_site_name":"OS Beaufort","article_modified_time":"2022-10-03T14:04:39+00:00","twitter_card":"summary_large_image","twitter_misc":{"Est. reading time":"3 minutes"},"schema":{"@context":"https:\/\/schema.org","@graph":[{"@type":"WebPage","@id":"https:\/\/officesocial-beaufort.lu\/en\/uselful-links\/","url":"https:\/\/officesocial-beaufort.lu\/en\/uselful-links\/","name":"Uselful links - OS Beaufort","isPartOf":{"@id":"https:\/\/officesocial-beaufort.lu\/en\/#website"},"datePublished":"2022-02-04T10:15:47+00:00","dateModified":"2022-10-03T14:04:39+00:00","breadcrumb":{"@id":"https:\/\/officesocial-beaufort.lu\/en\/uselful-links\/#breadcrumb"},"inLanguage":"en-US","potentialAction":[{"@type":"ReadAction","target":["https:\/\/officesocial-beaufort.lu\/en\/uselful-links\/"]}]},{"@type":"BreadcrumbList","@id":"https:\/\/officesocial-beaufort.lu\/en\/uselful-links\/#breadcrumb","itemListElement":[{"@type":"ListItem","position":1,"name":"Accueil","item":"https:\/\/officesocial-beaufort.lu\/en\/"},{"@type":"ListItem","position":2,"name":"Uselful links"}]},{"@type":"WebSite","@id":"https:\/\/officesocial-beaufort.lu\/en\/#website","url":"https:\/\/officesocial-beaufort.lu\/en\/","name":"OS Beaufort","description":"Office Social R\u00e9gional des Communes de Beaufort, Bech, Berdorf, Consdorf, Reisdorf","potentialAction":[{"@type":"SearchAction","target":{"@type":"EntryPoint","urlTemplate":"https:\/\/officesocial-beaufort.lu\/en\/?s={search_term_string}"},"query-input":{"@type":"PropertyValueSpecification","valueRequired":true,"valueName":"search_term_string"}}],"inLanguage":"en-US"}]}},"publishpress_future_action":{"enabled":false,"date":"2026-05-07 02:08:00","action":"change-status","newStatus":"draft","terms":[],"taxonomy":"translation_priority","extraData":[]},"publishpress_future_workflow_manual_trigger":{"enabledWorkflows":[]},"_links":{"self":[{"href":"https:\/\/officesocial-beaufort.lu\/en\/wp-json\/wp\/v2\/pages\/16397","targetHints":{"allow":["GET"]}}],"collection":[{"href":"https:\/\/officesocial-beaufort.lu\/en\/wp-json\/wp\/v2\/pages"}],"about":[{"href":"https:\/\/officesocial-beaufort.lu\/en\/wp-json\/wp\/v2\/types\/page"}],"author":[{"embeddable":true,"href":"https:\/\/officesocial-beaufort.lu\/en\/wp-json\/wp\/v2\/users\/1"}],"replies":[{"embeddable":true,"href":"https:\/\/officesocial-beaufort.lu\/en\/wp-json\/wp\/v2\/comments?post=16397"}],"version-history":[{"count":8,"href":"https:\/\/officesocial-beaufort.lu\/en\/wp-json\/wp\/v2\/pages\/16397\/revisions"}],"predecessor-version":[{"id":16476,"href":"https:\/\/officesocial-beaufort.lu\/en\/wp-json\/wp\/v2\/pages\/16397\/revisions\/16476"}],"wp:attachment":[{"href":"https:\/\/officesocial-beaufort.lu\/en\/wp-json\/wp\/v2\/media?parent=16397"}],"curies":[{"name":"wp","href":"https:\/\/api.w.org\/{rel}","templated":true}]}}